{"id":3456,"date":"2021-10-01T15:44:37","date_gmt":"2021-10-01T13:44:37","guid":{"rendered":"http:\/\/stage.milchzahngeschichten.de\/meine-milchzahn-geschichten\/?page_id=3456"},"modified":"2021-11-01T09:20:38","modified_gmt":"2021-11-01T08:20:38","slug":"meine-milchzahn-geschichten","status":"publish","type":"page","link":"https:\/\/www.milchzahngeschichten.de\/meine-milchzahn-geschichten\/","title":{"rendered":"Meine Milchzahn-Geschichten"},"content":{"rendered":"<p>[vc_row row_content_width=&#8220;grid&#8220; css=&#8220;.vc_custom_1541155771805{padding-top: 105px !important;padding-bottom: 70px !important;}&#8220;][vc_column offset=&#8220;vc_col-lg-offset-0 vc_col-lg-12 vc_col-md-12&#8243;]<div class=\"mkdf-section-title-holder    mkdf-st-subtitle-pos-under\" >\n\t<div class=\"mkdf-st-inner\">\n\t\t\t\t            <div>\n                <h1 class=\"mkdf-st-title\" style=\"color: #7dc242\">\n                    Meine Milchzahn-Geschichten                <\/h1>\n            <\/div>\n\t\t                    <h2 class=\"mkdf-st-subtitle\" style=\"color: #ffffff;background-color: #0087b4;padding: 15px\">\n                Die etwas andere Zahndose            <\/h2>\n        \t\t\t<\/div>\n<\/div>[vc_empty_space height=&#8220;50px&#8220;][vc_row_inner][vc_column_inner width=&#8220;1\/3&#8243;][vc_single_image image=&#8220;3708&#8243; img_size=&#8220;large&#8220; alignment=&#8220;center&#8220; el_class=&#8220;foto&#8220;][vc_empty_space][\/vc_column_inner][vc_column_inner width=&#8220;2\/3&#8243;][vc_column_text]Ich freue mich sehr, Euch hier die Neuauflage von\u00a0<strong>\u201eMeine Milchzahn-Geschichten &#8211; Die etwas andere Zahndose\u201c<\/strong>\u00a0vorzustellen.<\/p>\n<p>Ab dem\u00a0<strong>1. November 2021<\/strong>\u00a0ist das\u00a0<strong>Sammelalbum<\/strong>\u00a0f\u00fcr Milchz\u00e4hne und ihre Geschichten mit einem ganz\u00a0<strong>neuen Design<\/strong>\u00a0<a href=\"\/meine-milchzahn-geschichten\/produkt\/die-etwas-andere-zahndose\/\">hier auf der Seite<\/a> und im Handel\u00a0erh\u00e4ltlich.<\/p>\n<p>Mit dem neuen Design m\u00f6chte ich vor allem diejenigen von meiner etwas anderen Zahndose im Buchformat \u00fcberzeugen, denen kindlichere Illustrationen neben den gesammelten Milchz\u00e4hnen besser gefallen als das\u00a0<a href=\"https:\/\/www.milchzahngeschichten.de\/das-milchzahnbuch\/\">Aquarell-Design<\/a>\u00a0meiner ersten Auflage.<\/p>\n<p>Die\u00a0<strong>Illustratorin Saskia Diederichsen<\/strong>\u00a0hat das f\u00fcr die Neuauflage gro\u00dfartig umgesetzt. <a href=\"https:\/\/www.saskia-diederichsen.de\/%C3%BCber-mich\" target=\"_blank\" rel=\"noopener\">Saskia Diederichsen<\/a>, geboren 1981, ist freischaffende Illustratorin und Grafik-Designerin. Ihre Liebe f\u00fcr fantasievolle und spannende Geschichten lebt sie zudem im Schreiben eigener Texte f\u00fcr Kinder und Jugendliche aus. In ihrer Heimat an der Flensburger F\u00f6rde genie\u00dft sie mit ihrer Familie die N\u00e4he zur Natur und den Einfluss des hyggeligen Nachbarlandes D\u00e4nemark. Die Zusammenarbeit mit ihr hat mir riesengro\u00dfen Spa\u00df gemacht. Es war einfach faszinierend zu sehen, wie aus ersten Ideen wunderh\u00fcbsche Bilder entstehen. Daf\u00fcr nochmal vielen Dank, liebe Saskia!<\/p>\n<p>Das neue Buch bringe ich zusammen mit meiner\u00a0<strong>Freundin Susanne Krebin<\/strong>\u00a0im neuen\u00a0<strong>\u201efelu Verlag\u201c<\/strong>\u00a0heraus.<\/p>\n<p>Ich w\u00fcnsche Euch viel Freude mit \u201eMeine Milchzahn-Geschichten \u2013 Die etwas andere Zahndose\u201c.<\/p>\n<p><img loading=\"lazy\" class=\"alignnone wp-image-3733\" style=\"margin-top: 20px;\" src=\"https:\/\/www.milchzahngeschichten.de\/meine-milchzahn-geschichten\/wp-content\/uploads\/2021\/10\/zahndose-meine-milchzahngeschichten-neue-ausgabe-signatur-ketti.png\" alt=\"Zahndose - Meine Milchzahngeschichten - Neue Ausgabe -Signatur Ketti\" width=\"100\" height=\"50\" \/><\/p>\n<p>Eure Ketti[\/vc_column_text][\/vc_column_inner][\/vc_row_inner][\/vc_column][\/vc_row][vc_row][vc_column]<div class=\"mkdf-elements-holder  mkdf-eh-full-height mkdf-two-columns  mkdf-responsive-mode-1024 \" ><div class=\"mkdf-eh-item   mkdf-horizontal-alignment-right  \" style=\"background-image: url(https:\/\/www.milchzahngeschichten.de\/meine-milchzahn-geschichten\/wp-content\/uploads\/2021\/10\/milchzahngeschichten-buch-2-zahndose-anschauen.jpg)\" data-item-class=\"mkdf-eh-custom-2262\" data-769-1024=\"200px 0px 200px 0px\" data-681-768=\"200px 0px 200px 0px\" data-680=\"200px 0px 200px 0px\">\n\t<div class=\"mkdf-eh-item-inner\">\n\t\t<div class=\"mkdf-eh-item-content mkdf-eh-custom-2262\" style=\"padding: 300px 0px 300px 0px\">\n\t\t\t\t\t<\/div>\n\t<\/div>\n<\/div><div class=\"mkdf-eh-item   mkdf-horizontal-alignment-center  \" style=\"background-image: url(https:\/\/www.milchzahngeschichten.de\/meine-milchzahn-geschichten\/wp-content\/uploads\/2021\/10\/milchzahngeschichten-buch-2-hintergrundbild.jpg)\" data-item-class=\"mkdf-eh-custom-5684\" data-1367-1600=\"112px 8% 100px 8%\" data-1025-1366=\"112px 3% 100px 3%\" data-769-1024=\"112px 17% 100px 18%\" data-681-768=\"112px 8% 100px 8%\" data-680=\"112px 6% 100px 6%\">\n\t<div class=\"mkdf-eh-item-inner\">\n\t\t<div class=\"mkdf-eh-item-content mkdf-eh-custom-5684\" style=\"padding: 10px 0px 100px 0px\">\n\t\t\t[vc_single_image image=&#8220;3714&#8243; css=&#8220;.vc_custom_1635679601016{padding-left: 10px !important;}&#8220;]<div class=\"mkdf-section-title-holder  mkdf-section-title-boxed  mkdf-st-subtitle-pos-under\" style=\"text-align: center\">\n\t<div class=\"mkdf-st-inner\">\n\t\t\t\t            <div>\n                <h1 class=\"mkdf-st-title\" style=\"color: #ffffff;background-color: #0087b4\">\n                    H\u00f6rt sich spannend an?                <\/h1>\n            <\/div>\n\t\t                    <h1 class=\"mkdf-st-subtitle\" style=\"color: #ffffff;background-color: #7dc242;margin: 28px 0px 11px 0px\">\n                Dann geht es hier weiter.            <\/h1>\n        \t\t\t<\/div>\n<\/div>[vc_empty_space height=&#8220;40px&#8220;]<a itemprop=\"url\" href=\"\/meine-milchzahn-geschichten\/produkt\/die-etwas-andere-zahndose\/\" target=\"_self\" style=\"color: #ffffff;background-color: #0087b4;border-color: #0087b4;text-transform: uppercase\" class=\"mkdf-btn mkdf-btn-medium mkdf-btn-solid mkdf-btn-custom-hover-bg mkdf-btn-custom-border-hover mkdf-btn-custom-hover-color mkdf-btn-icon weissHover\" data-hover-color=\"#ffffff\" data-hover-bg-color=\"#7dc242\" data-hover-border-color=\"#7dc242\" >\n    <span class=\"mkdf-btn-text\">bestellen<\/span>\n            <span class=\"mkdf-btn-icon-holder\">\n            <span class=\"mkdf-btn-icon-holder-inner\">\n                <span aria-hidden=\"true\" class=\"mkdf-icon-font-elegant arrow_carrot-right mkdf-btn-icon-elem\" ><\/span>            <\/span>\n        <\/span>\n    <\/a>\t\t<\/div>\n\t<\/div>\n<\/div><\/div>[\/vc_column][\/vc_row][vc_row row_content_width=&#8220;grid&#8220; css=&#8220;.vc_custom_1634661349637{padding-top: 50px !important;}&#8220;][vc_column][vc_empty_space height=&#8220;40px&#8220;]<div class=\"mkdf-section-title-holder    mkdf-st-subtitle-pos-under\" style=\"text-align: center\">\n\t<div class=\"mkdf-st-inner\">\n\t\t\t\t            <div>\n                <h2 class=\"mkdf-st-title\" style=\"color: #0087b4\">\n                    Impressionen                <\/h2>\n            <\/div>\n\t\t        \t\t\t<\/div>\n<\/div>[vc_empty_space]<div class=\"mkdf-image-gallery  mkdf-ig-masonry-fixed-type mkdf-medium-space  mkdf-image-behavior-lightbox mkdf-image-scale-yes mkdf-image-hover-zoom-shader mkdf-ig-masonry-type\">\n\t<div class=\"mkdf-ig-inner mkdf-outer-space mkdf-ig-masonry mkdf-ig-three-columns\">\n\t\t<div class=\"mkdf-ig-grid-sizer\"><\/div>\n\t\t<div class=\"mkdf-ig-grid-gutter\"><\/div>\n\t\t\t\t\t\t\t\t<div class=\"mkdf-ig-image mkdf-item-space mkdf-image-gallery-masonry-fixed mkdf-default-masonry-item\">\n\t\t\t\t<div class=\"mkdf-ig-image-inner\">\n\t\t\t\t\t\t\t\t\t\t\t<a itemprop=\"image\" class=\"mkdf-ig-lightbox\" href=\"https:\/\/www.milchzahngeschichten.de\/meine-milchzahn-geschichten\/wp-content\/uploads\/2021\/10\/zahndose-milchzahngeschichten-impressionen-3.jpg\" data-rel=\"prettyPhoto[image_gallery_pretty_photo-645]\" title=\"Zahndose &#8211; Meine Milchzahn-Geschichten &#8211; Impressionen\">\n\t\t\t\t\t\t\t<span class=\"mkdf-ig-lightbox-icon dripicon dripicons-rocket\"><\/span>\n\t\t\t\t\t\t\t\t\t\t\t<img width=\"650\" height=\"650\" src=\"https:\/\/www.milchzahngeschichten.de\/meine-milchzahn-geschichten\/wp-content\/uploads\/2021\/10\/zahndose-milchzahngeschichten-impressionen-3-650x650.jpg\" class=\"attachment-cocco_mikado_square size-cocco_mikado_square\" alt=\"Zahndose Milchzahngeschichten Impressionen 3\" loading=\"lazy\" srcset=\"https:\/\/www.milchzahngeschichten.de\/meine-milchzahn-geschichten\/wp-content\/uploads\/2021\/10\/zahndose-milchzahngeschichten-impressionen-3-650x650.jpg 650w, https:\/\/www.milchzahngeschichten.de\/meine-milchzahn-geschichten\/wp-content\/uploads\/2021\/10\/zahndose-milchzahngeschichten-impressionen-3-150x150.jpg 150w, https:\/\/www.milchzahngeschichten.de\/meine-milchzahn-geschichten\/wp-content\/uploads\/2021\/10\/zahndose-milchzahngeschichten-impressionen-3-300x300.jpg 300w, https:\/\/www.milchzahngeschichten.de\/meine-milchzahn-geschichten\/wp-content\/uploads\/2021\/10\/zahndose-milchzahngeschichten-impressionen-3-768x768.jpg 768w, https:\/\/www.milchzahngeschichten.de\/meine-milchzahn-geschichten\/wp-content\/uploads\/2021\/10\/zahndose-milchzahngeschichten-impressionen-3-600x600.jpg 600w, https:\/\/www.milchzahngeschichten.de\/meine-milchzahn-geschichten\/wp-content\/uploads\/2021\/10\/zahndose-milchzahngeschichten-impressionen-3-100x100.jpg 100w, https:\/\/www.milchzahngeschichten.de\/meine-milchzahn-geschichten\/wp-content\/uploads\/2021\/10\/zahndose-milchzahngeschichten-impressionen-3.jpg 800w\" sizes=\"(max-width: 650px) 100vw, 650px\" \/>\t\t\t\t\t\t\t\t\t\t\t<\/a>\n\t\t\t\t\t\t\t\t\t<\/div>\n\t\t\t<\/div>\n\t\t\t\t\t\t\t\t<div class=\"mkdf-ig-image mkdf-item-space mkdf-image-gallery-masonry-fixed mkdf-default-masonry-item\">\n\t\t\t\t<div class=\"mkdf-ig-image-inner\">\n\t\t\t\t\t\t\t\t\t\t\t<a itemprop=\"image\" class=\"mkdf-ig-lightbox\" href=\"https:\/\/www.milchzahngeschichten.de\/meine-milchzahn-geschichten\/wp-content\/uploads\/2021\/10\/zahndose-milchzahngeschichten-impressionen-2.jpg\" data-rel=\"prettyPhoto[image_gallery_pretty_photo-645]\" title=\"Zahndose &#8211; Meine Milchzahn-Geschichten &#8211; Impressionen\">\n\t\t\t\t\t\t\t<span class=\"mkdf-ig-lightbox-icon dripicon dripicons-rocket\"><\/span>\n\t\t\t\t\t\t\t\t\t\t\t<img width=\"650\" height=\"650\" src=\"https:\/\/www.milchzahngeschichten.de\/meine-milchzahn-geschichten\/wp-content\/uploads\/2021\/10\/zahndose-milchzahngeschichten-impressionen-2-650x650.jpg\" class=\"attachment-cocco_mikado_square size-cocco_mikado_square\" alt=\"Zahndose Milchzahngeschichten Impressionen 2\" loading=\"lazy\" srcset=\"https:\/\/www.milchzahngeschichten.de\/meine-milchzahn-geschichten\/wp-content\/uploads\/2021\/10\/zahndose-milchzahngeschichten-impressionen-2-650x650.jpg 650w, https:\/\/www.milchzahngeschichten.de\/meine-milchzahn-geschichten\/wp-content\/uploads\/2021\/10\/zahndose-milchzahngeschichten-impressionen-2-150x150.jpg 150w, https:\/\/www.milchzahngeschichten.de\/meine-milchzahn-geschichten\/wp-content\/uploads\/2021\/10\/zahndose-milchzahngeschichten-impressionen-2-300x300.jpg 300w, https:\/\/www.milchzahngeschichten.de\/meine-milchzahn-geschichten\/wp-content\/uploads\/2021\/10\/zahndose-milchzahngeschichten-impressionen-2-768x768.jpg 768w, https:\/\/www.milchzahngeschichten.de\/meine-milchzahn-geschichten\/wp-content\/uploads\/2021\/10\/zahndose-milchzahngeschichten-impressionen-2-600x600.jpg 600w, https:\/\/www.milchzahngeschichten.de\/meine-milchzahn-geschichten\/wp-content\/uploads\/2021\/10\/zahndose-milchzahngeschichten-impressionen-2-100x100.jpg 100w, https:\/\/www.milchzahngeschichten.de\/meine-milchzahn-geschichten\/wp-content\/uploads\/2021\/10\/zahndose-milchzahngeschichten-impressionen-2.jpg 800w\" sizes=\"(max-width: 650px) 100vw, 650px\" \/>\t\t\t\t\t\t\t\t\t\t\t<\/a>\n\t\t\t\t\t\t\t\t\t<\/div>\n\t\t\t<\/div>\n\t\t\t\t\t\t\t\t<div class=\"mkdf-ig-image mkdf-item-space mkdf-image-gallery-masonry-fixed mkdf-default-masonry-item\">\n\t\t\t\t<div class=\"mkdf-ig-image-inner\">\n\t\t\t\t\t\t\t\t\t\t\t<a itemprop=\"image\" class=\"mkdf-ig-lightbox\" href=\"https:\/\/www.milchzahngeschichten.de\/meine-milchzahn-geschichten\/wp-content\/uploads\/2021\/10\/zahndose-milchzahngeschichten-zahnrad-impressionen-1.jpg\" data-rel=\"prettyPhoto[image_gallery_pretty_photo-645]\" title=\"Zahndose &#8211; Meine Milchzahn-Geschichten &#8211; Impressionen\">\n\t\t\t\t\t\t\t<span class=\"mkdf-ig-lightbox-icon dripicon dripicons-rocket\"><\/span>\n\t\t\t\t\t\t\t\t\t\t\t<img width=\"650\" height=\"650\" src=\"https:\/\/www.milchzahngeschichten.de\/meine-milchzahn-geschichten\/wp-content\/uploads\/2021\/10\/zahndose-milchzahngeschichten-zahnrad-impressionen-1-650x650.jpg\" class=\"attachment-cocco_mikado_square size-cocco_mikado_square\" alt=\"Zahndose Milchzahngeschichten Impressionen 1\" loading=\"lazy\" srcset=\"https:\/\/www.milchzahngeschichten.de\/meine-milchzahn-geschichten\/wp-content\/uploads\/2021\/10\/zahndose-milchzahngeschichten-zahnrad-impressionen-1-650x650.jpg 650w, https:\/\/www.milchzahngeschichten.de\/meine-milchzahn-geschichten\/wp-content\/uploads\/2021\/10\/zahndose-milchzahngeschichten-zahnrad-impressionen-1-150x150.jpg 150w, https:\/\/www.milchzahngeschichten.de\/meine-milchzahn-geschichten\/wp-content\/uploads\/2021\/10\/zahndose-milchzahngeschichten-zahnrad-impressionen-1-300x300.jpg 300w, https:\/\/www.milchzahngeschichten.de\/meine-milchzahn-geschichten\/wp-content\/uploads\/2021\/10\/zahndose-milchzahngeschichten-zahnrad-impressionen-1-768x768.jpg 768w, https:\/\/www.milchzahngeschichten.de\/meine-milchzahn-geschichten\/wp-content\/uploads\/2021\/10\/zahndose-milchzahngeschichten-zahnrad-impressionen-1-600x600.jpg 600w, https:\/\/www.milchzahngeschichten.de\/meine-milchzahn-geschichten\/wp-content\/uploads\/2021\/10\/zahndose-milchzahngeschichten-zahnrad-impressionen-1-100x100.jpg 100w, https:\/\/www.milchzahngeschichten.de\/meine-milchzahn-geschichten\/wp-content\/uploads\/2021\/10\/zahndose-milchzahngeschichten-zahnrad-impressionen-1.jpg 800w\" sizes=\"(max-width: 650px) 100vw, 650px\" \/>\t\t\t\t\t\t\t\t\t\t\t<\/a>\n\t\t\t\t\t\t\t\t\t<\/div>\n\t\t\t<\/div>\n\t\t\t\t\t\t\t\t<div class=\"mkdf-ig-image mkdf-item-space mkdf-image-gallery-masonry-fixed mkdf-default-masonry-item\">\n\t\t\t\t<div class=\"mkdf-ig-image-inner\">\n\t\t\t\t\t\t\t\t\t\t\t<a itemprop=\"image\" class=\"mkdf-ig-lightbox\" href=\"https:\/\/www.milchzahngeschichten.de\/meine-milchzahn-geschichten\/wp-content\/uploads\/2021\/10\/zahndose-milchzahngeschichten-zahnrad-neue-ausgabe-impressionen-8.jpg\" data-rel=\"prettyPhoto[image_gallery_pretty_photo-645]\" title=\"Zahndose &#8211; Meine Milchzahn-Geschichten &#8211; Impressionen\">\n\t\t\t\t\t\t\t<span class=\"mkdf-ig-lightbox-icon dripicon dripicons-rocket\"><\/span>\n\t\t\t\t\t\t\t\t\t\t\t<img width=\"650\" height=\"650\" src=\"https:\/\/www.milchzahngeschichten.de\/meine-milchzahn-geschichten\/wp-content\/uploads\/2021\/10\/zahndose-milchzahngeschichten-zahnrad-neue-ausgabe-impressionen-8-650x650.jpg\" class=\"attachment-cocco_mikado_square size-cocco_mikado_square\" alt=\"Zahndose Milchzahngeschichten Impressionen 8\" loading=\"lazy\" srcset=\"https:\/\/www.milchzahngeschichten.de\/meine-milchzahn-geschichten\/wp-content\/uploads\/2021\/10\/zahndose-milchzahngeschichten-zahnrad-neue-ausgabe-impressionen-8-650x650.jpg 650w, https:\/\/www.milchzahngeschichten.de\/meine-milchzahn-geschichten\/wp-content\/uploads\/2021\/10\/zahndose-milchzahngeschichten-zahnrad-neue-ausgabe-impressionen-8-300x300.jpg 300w, https:\/\/www.milchzahngeschichten.de\/meine-milchzahn-geschichten\/wp-content\/uploads\/2021\/10\/zahndose-milchzahngeschichten-zahnrad-neue-ausgabe-impressionen-8-150x150.jpg 150w, https:\/\/www.milchzahngeschichten.de\/meine-milchzahn-geschichten\/wp-content\/uploads\/2021\/10\/zahndose-milchzahngeschichten-zahnrad-neue-ausgabe-impressionen-8-768x768.jpg 768w, https:\/\/www.milchzahngeschichten.de\/meine-milchzahn-geschichten\/wp-content\/uploads\/2021\/10\/zahndose-milchzahngeschichten-zahnrad-neue-ausgabe-impressionen-8-600x600.jpg 600w, https:\/\/www.milchzahngeschichten.de\/meine-milchzahn-geschichten\/wp-content\/uploads\/2021\/10\/zahndose-milchzahngeschichten-zahnrad-neue-ausgabe-impressionen-8-100x100.jpg 100w, https:\/\/www.milchzahngeschichten.de\/meine-milchzahn-geschichten\/wp-content\/uploads\/2021\/10\/zahndose-milchzahngeschichten-zahnrad-neue-ausgabe-impressionen-8.jpg 800w\" sizes=\"(max-width: 650px) 100vw, 650px\" \/>\t\t\t\t\t\t\t\t\t\t\t<\/a>\n\t\t\t\t\t\t\t\t\t<\/div>\n\t\t\t<\/div>\n\t\t\t\t\t\t\t\t<div class=\"mkdf-ig-image mkdf-item-space mkdf-image-gallery-masonry-fixed mkdf-default-masonry-item\">\n\t\t\t\t<div class=\"mkdf-ig-image-inner\">\n\t\t\t\t\t\t\t\t\t\t\t<a itemprop=\"image\" class=\"mkdf-ig-lightbox\" href=\"https:\/\/www.milchzahngeschichten.de\/meine-milchzahn-geschichten\/wp-content\/uploads\/2021\/10\/zahndose-milchzahngeschichten-neue-ausgabe-impressionen-9.jpg\" data-rel=\"prettyPhoto[image_gallery_pretty_photo-645]\" title=\"Zahndose &#8211; Meine Milchzahn-Geschichten &#8211; Impressionen\">\n\t\t\t\t\t\t\t<span class=\"mkdf-ig-lightbox-icon dripicon dripicons-rocket\"><\/span>\n\t\t\t\t\t\t\t\t\t\t\t<img width=\"650\" height=\"650\" src=\"https:\/\/www.milchzahngeschichten.de\/meine-milchzahn-geschichten\/wp-content\/uploads\/2021\/10\/zahndose-milchzahngeschichten-neue-ausgabe-impressionen-9-650x650.jpg\" class=\"attachment-cocco_mikado_square size-cocco_mikado_square\" alt=\"Zahndose Milchzahngeschichten Impressionen 9\" loading=\"lazy\" srcset=\"https:\/\/www.milchzahngeschichten.de\/meine-milchzahn-geschichten\/wp-content\/uploads\/2021\/10\/zahndose-milchzahngeschichten-neue-ausgabe-impressionen-9-650x650.jpg 650w, https:\/\/www.milchzahngeschichten.de\/meine-milchzahn-geschichten\/wp-content\/uploads\/2021\/10\/zahndose-milchzahngeschichten-neue-ausgabe-impressionen-9-300x300.jpg 300w, https:\/\/www.milchzahngeschichten.de\/meine-milchzahn-geschichten\/wp-content\/uploads\/2021\/10\/zahndose-milchzahngeschichten-neue-ausgabe-impressionen-9-150x150.jpg 150w, https:\/\/www.milchzahngeschichten.de\/meine-milchzahn-geschichten\/wp-content\/uploads\/2021\/10\/zahndose-milchzahngeschichten-neue-ausgabe-impressionen-9-768x768.jpg 768w, https:\/\/www.milchzahngeschichten.de\/meine-milchzahn-geschichten\/wp-content\/uploads\/2021\/10\/zahndose-milchzahngeschichten-neue-ausgabe-impressionen-9-600x600.jpg 600w, https:\/\/www.milchzahngeschichten.de\/meine-milchzahn-geschichten\/wp-content\/uploads\/2021\/10\/zahndose-milchzahngeschichten-neue-ausgabe-impressionen-9-100x100.jpg 100w, https:\/\/www.milchzahngeschichten.de\/meine-milchzahn-geschichten\/wp-content\/uploads\/2021\/10\/zahndose-milchzahngeschichten-neue-ausgabe-impressionen-9.jpg 800w\" sizes=\"(max-width: 650px) 100vw, 650px\" \/>\t\t\t\t\t\t\t\t\t\t\t<\/a>\n\t\t\t\t\t\t\t\t\t<\/div>\n\t\t\t<\/div>\n\t\t\t\t\t\t\t\t<div class=\"mkdf-ig-image mkdf-item-space mkdf-image-gallery-masonry-fixed mkdf-default-masonry-item\">\n\t\t\t\t<div class=\"mkdf-ig-image-inner\">\n\t\t\t\t\t\t\t\t\t\t\t<a itemprop=\"image\" class=\"mkdf-ig-lightbox\" href=\"https:\/\/www.milchzahngeschichten.de\/meine-milchzahn-geschichten\/wp-content\/uploads\/2021\/10\/zahndose-milchzahngeschichten-zahnrad-neue-ausgabe-impressionen-7.jpg\" data-rel=\"prettyPhoto[image_gallery_pretty_photo-645]\" title=\"Zahndose &#8211; Meine Milchzahn-Geschichten &#8211; Impressionen\">\n\t\t\t\t\t\t\t<span class=\"mkdf-ig-lightbox-icon dripicon dripicons-rocket\"><\/span>\n\t\t\t\t\t\t\t\t\t\t\t<img width=\"650\" height=\"650\" src=\"https:\/\/www.milchzahngeschichten.de\/meine-milchzahn-geschichten\/wp-content\/uploads\/2021\/10\/zahndose-milchzahngeschichten-zahnrad-neue-ausgabe-impressionen-7-650x650.jpg\" class=\"attachment-cocco_mikado_square size-cocco_mikado_square\" alt=\"Zahndose Milchzahngeschichten Impressionen 7\" loading=\"lazy\" srcset=\"https:\/\/www.milchzahngeschichten.de\/meine-milchzahn-geschichten\/wp-content\/uploads\/2021\/10\/zahndose-milchzahngeschichten-zahnrad-neue-ausgabe-impressionen-7-650x650.jpg 650w, https:\/\/www.milchzahngeschichten.de\/meine-milchzahn-geschichten\/wp-content\/uploads\/2021\/10\/zahndose-milchzahngeschichten-zahnrad-neue-ausgabe-impressionen-7-300x300.jpg 300w, https:\/\/www.milchzahngeschichten.de\/meine-milchzahn-geschichten\/wp-content\/uploads\/2021\/10\/zahndose-milchzahngeschichten-zahnrad-neue-ausgabe-impressionen-7-150x150.jpg 150w, https:\/\/www.milchzahngeschichten.de\/meine-milchzahn-geschichten\/wp-content\/uploads\/2021\/10\/zahndose-milchzahngeschichten-zahnrad-neue-ausgabe-impressionen-7-768x768.jpg 768w, https:\/\/www.milchzahngeschichten.de\/meine-milchzahn-geschichten\/wp-content\/uploads\/2021\/10\/zahndose-milchzahngeschichten-zahnrad-neue-ausgabe-impressionen-7-600x600.jpg 600w, https:\/\/www.milchzahngeschichten.de\/meine-milchzahn-geschichten\/wp-content\/uploads\/2021\/10\/zahndose-milchzahngeschichten-zahnrad-neue-ausgabe-impressionen-7-100x100.jpg 100w, https:\/\/www.milchzahngeschichten.de\/meine-milchzahn-geschichten\/wp-content\/uploads\/2021\/10\/zahndose-milchzahngeschichten-zahnrad-neue-ausgabe-impressionen-7.jpg 800w\" sizes=\"(max-width: 650px) 100vw, 650px\" \/>\t\t\t\t\t\t\t\t\t\t\t<\/a>\n\t\t\t\t\t\t\t\t\t<\/div>\n\t\t\t<\/div>\n\t\t\t<\/div>\n<\/div>[\/vc_column][\/vc_row]<\/p>\n","protected":false},"excerpt":{"rendered":"<p>[vc_row row_content_width=&#8220;grid&#8220; css=&#8220;.vc_custom_1541155771805{padding-top: 105px !important;padding-bottom: 70px !important;}&#8220;][vc_column offset=&#8220;vc_col-lg-offset-0 vc_col-lg-12 vc_col-md-12&#8243;][vc_empty_space height=&#8220;50px&#8220;][vc_row_inner][vc_column_inner width=&#8220;1\/3&#8243;][vc_single_image image=&#8220;3708&#8243; img_size=&#8220;large&#8220; alignment=&#8220;center&#8220; el_class=&#8220;foto&#8220;][vc_empty_space][\/vc_column_inner][vc_column_inner width=&#8220;2\/3&#8243;][vc_column_text]Ich freue mich sehr, Euch hier die Neuauflage von\u00a0\u201eMeine Milchzahn-Geschichten &#8211; Die etwas andere Zahndose\u201c\u00a0vorzustellen. Ab dem\u00a01. November 2021\u00a0ist das\u00a0Sammelalbum\u00a0f\u00fcr Milchz\u00e4hne und ihre Geschichten [&hellip;]<\/p>\n","protected":false},"author":1,"featured_media":0,"parent":0,"menu_order":0,"comment_status":"closed","ping_status":"closed","template":"full-width.php","meta":{"spay_email":""},"_links":{"self":[{"href":"https:\/\/www.milchzahngeschichten.de\/meine-milchzahn-geschichten\/wp-json\/wp\/v2\/pages\/3456"}],"collection":[{"href":"https:\/\/www.milchzahngeschichten.de\/meine-milchzahn-geschichten\/wp-json\/wp\/v2\/pages"}],"about":[{"href":"https:\/\/www.milchzahngeschichten.de\/meine-milchzahn-geschichten\/wp-json\/wp\/v2\/types\/page"}],"author":[{"embeddable":true,"href":"https:\/\/www.milchzahngeschichten.de\/meine-milchzahn-geschichten\/wp-json\/wp\/v2\/users\/1"}],"replies":[{"embeddable":true,"href":"https:\/\/www.milchzahngeschichten.de\/meine-milchzahn-geschichten\/wp-json\/wp\/v2\/comments?post=3456"}],"version-history":[{"count":46,"href":"https:\/\/www.milchzahngeschichten.de\/meine-milchzahn-geschichten\/wp-json\/wp\/v2\/pages\/3456\/revisions"}],"predecessor-version":[{"id":3738,"href":"https:\/\/www.milchzahngeschichten.de\/meine-milchzahn-geschichten\/wp-json\/wp\/v2\/pages\/3456\/revisions\/3738"}],"wp:attachment":[{"href":"https:\/\/www.milchzahngeschichten.de\/meine-milchzahn-geschichten\/wp-json\/wp\/v2\/media?parent=3456"}],"curies":[{"name":"wp","href":"https:\/\/api.w.org\/{rel}","templated":true}]}}